{"id":75,"date":"2024-07-09T17:21:06","date_gmt":"2024-07-09T15:21:06","guid":{"rendered":"https:\/\/www.morteratsch.ch\/?page_id=75"},"modified":"2024-07-18T10:21:42","modified_gmt":"2024-07-18T08:21:42","slug":"getting-there","status":"publish","type":"page","link":"https:\/\/www.morteratsch.ch\/en\/anreise\/","title":{"rendered":"Arrival"},"content":{"rendered":"\t\t<div data-elementor-type=\"wp-page\" data-elementor-id=\"75\" class=\"elementor elementor-75\" data-elementor-post-type=\"page\">\n\t\t\t\t<div class=\"elementor-element elementor-element-c0ed5d2 e-flex e-con-boxed e-con e-parent\" data-id=\"c0ed5d2\" data-element_type=\"container\" data-e-type=\"container\">\n\t\t\t\t\t<div class=\"e-con-inner\">\n\t\t\t\t<div class=\"elementor-element elementor-element-59e7154 elementor-widget elementor-widget-uael-google-map\" data-id=\"59e7154\" data-element_type=\"widget\" data-e-type=\"widget\" data-settings=\"{&quot;advance_marker&quot;:&quot;no&quot;,&quot;option_streeview&quot;:&quot;yes&quot;,&quot;type_control&quot;:&quot;yes&quot;,&quot;zoom_control&quot;:&quot;yes&quot;,&quot;fullscreen_control&quot;:&quot;yes&quot;}\" data-widget_type=\"uael-google-map.default\">\n\t\t\t\t<div class=\"elementor-widget-container\">\n\t\t\t\t\t\t\t<div class=\"uael-google-map-wrap\">\n\t\t\t<div id=\"uael-google-map-59e7154\" class=\"uael-google-map\" data-map_options=\"{&quot;zoom&quot;:16,&quot;mapTypeId&quot;:&quot;hybrid&quot;,&quot;mapTypeControl&quot;:true,&quot;streetViewControl&quot;:true,&quot;zoomControl&quot;:true,&quot;fullscreenControl&quot;:true,&quot;gestureHandling&quot;:true}\" data-cluster=\"no\" data-cluster-attr=\"[]\" data-max-width=\"250\" data-locations=\"[[&quot;46.450904&quot;,&quot;9.940848&quot;,true,&quot;Hotel - Restaurant Morteratsch&quot;,&quot;&quot;,&quot;&quot;,&quot;&quot;,&quot;&quot;,&quot;iw_open&quot;]]\" data-animate=\"\" data-auto-center=\"center\" data-map-id=\"\" data-advance-marker=\"no\"><\/div>\n\t\t<\/div>\n\t\t\t\t\t\t<\/div>\n\t\t\t\t<\/div>\n\t\t\t\t\t<\/div>\n\t\t\t\t<\/div>\n\t\t<div class=\"elementor-element elementor-element-984ced0 e-flex e-con-boxed e-con e-parent\" data-id=\"984ced0\" data-element_type=\"container\" data-e-type=\"container\">\n\t\t\t\t\t<div class=\"e-con-inner\">\n\t\t\t\t<div class=\"elementor-element elementor-element-355a196 elementor-widget__width-initial elementor-widget-tablet__width-inherit elementor-widget elementor-widget-heading\" data-id=\"355a196\" data-element_type=\"widget\" data-e-type=\"widget\" data-widget_type=\"heading.default\">\n\t\t\t\t<div class=\"elementor-widget-container\">\n\t\t\t\t\t<h2 class=\"elementor-heading-title elementor-size-default\">Anreise mit der Bahn<\/h2>\t\t\t\t<\/div>\n\t\t\t\t<\/div>\n\t\t\t\t<div class=\"elementor-element elementor-element-67b5ecb elementor-widget__width-initial elementor-widget-tablet__width-inherit elementor-widget elementor-widget-text-editor\" data-id=\"67b5ecb\" data-element_type=\"widget\" data-e-type=\"widget\" data-widget_type=\"text-editor.default\">\n\t\t\t\t<div class=\"elementor-widget-container\">\n\t\t\t\t\t\t\t\t\t<p>Mit der Bahn erreichen Sie uns sehr bequem, denn wir verf\u00fcgen \u00fcber einen eigenen Bahnhof. Die Bahnstation heisst Morteratsch, wie unser Hotel, und befindet sich zwei Stationen nach Pontresina. Schauen Sie doch nach einer g\u00fcnstigen Verbindung und lassen sie Ihr Auto einfach daheim.<\/p>\t\t\t\t\t\t\t\t<\/div>\n\t\t\t\t<\/div>\n\t\t\t\t<div class=\"elementor-element elementor-element-ba22ee3 elementor-widget elementor-widget-button\" data-id=\"ba22ee3\" data-element_type=\"widget\" data-e-type=\"widget\" data-widget_type=\"button.default\">\n\t\t\t\t<div class=\"elementor-widget-container\">\n\t\t\t\t\t\t\t\t\t<div class=\"elementor-button-wrapper\">\n\t\t\t\t\t<a class=\"elementor-button elementor-button-link elementor-size-sm\" href=\"https:\/\/www.sbb.ch\/\" target=\"_blank\">\n\t\t\t\t\t\t<span class=\"elementor-button-content-wrapper\">\n\t\t\t\t\t\t<span class=\"elementor-button-icon\">\n\t\t\t\t<svg xmlns=\"http:\/\/www.w3.org\/2000\/svg\" viewBox=\"0 0 31 16\"><path d=\"M30.707 8.707a1 1 0 0 0 0-1.414L24.343.929a1 1 0 1 0-1.414 1.414L28.586 8l-5.657 5.657a1 1 0 0 0 1.414 1.414l6.364-6.364ZM0 9h30V7H0v2Z\"><\/path><\/svg>\t\t\t<\/span>\n\t\t\t\t\t\t\t\t\t<span class=\"elementor-button-text\">SBB Online Portal<\/span>\n\t\t\t\t\t<\/span>\n\t\t\t\t\t<\/a>\n\t\t\t\t<\/div>\n\t\t\t\t\t\t\t\t<\/div>\n\t\t\t\t<\/div>\n\t\t\t\t<div class=\"elementor-element elementor-element-a4ca627 elementor-widget elementor-widget-button\" data-id=\"a4ca627\" data-element_type=\"widget\" data-e-type=\"widget\" data-widget_type=\"button.default\">\n\t\t\t\t<div class=\"elementor-widget-container\">\n\t\t\t\t\t\t\t\t\t<div class=\"elementor-button-wrapper\">\n\t\t\t\t\t<a class=\"elementor-button elementor-button-link elementor-size-sm\" href=\"https:\/\/www.rhb.ch\/de\/panoramazuege\/glacier-express\" target=\"_blank\">\n\t\t\t\t\t\t<span class=\"elementor-button-content-wrapper\">\n\t\t\t\t\t\t<span class=\"elementor-button-icon\">\n\t\t\t\t<svg xmlns=\"http:\/\/www.w3.org\/2000\/svg\" viewBox=\"0 0 31 16\"><path d=\"M30.707 8.707a1 1 0 0 0 0-1.414L24.343.929a1 1 0 1 0-1.414 1.414L28.586 8l-5.657 5.657a1 1 0 0 0 1.414 1.414l6.364-6.364ZM0 9h30V7H0v2Z\"><\/path><\/svg>\t\t\t<\/span>\n\t\t\t\t\t\t\t\t\t<span class=\"elementor-button-text\">Glacier Express<\/span>\n\t\t\t\t\t<\/span>\n\t\t\t\t\t<\/a>\n\t\t\t\t<\/div>\n\t\t\t\t\t\t\t\t<\/div>\n\t\t\t\t<\/div>\n\t\t\t\t<div class=\"elementor-element elementor-element-5a44300 elementor-widget-divider--view-line elementor-widget elementor-widget-divider\" data-id=\"5a44300\" data-element_type=\"widget\" data-e-type=\"widget\" data-widget_type=\"divider.default\">\n\t\t\t\t<div class=\"elementor-widget-container\">\n\t\t\t\t\t\t\t<div class=\"elementor-divider\">\n\t\t\t<span class=\"elementor-divider-separator\">\n\t\t\t\t\t\t<\/span>\n\t\t<\/div>\n\t\t\t\t\t\t<\/div>\n\t\t\t\t<\/div>\n\t\t\t\t<div class=\"elementor-element elementor-element-8cef40f elementor-widget__width-initial elementor-widget-tablet__width-inherit elementor-widget elementor-widget-heading\" data-id=\"8cef40f\" data-element_type=\"widget\" data-e-type=\"widget\" data-widget_type=\"heading.default\">\n\t\t\t\t<div class=\"elementor-widget-container\">\n\t\t\t\t\t<h2 class=\"elementor-heading-title elementor-size-default\">Anreise mit dem Auto<\/h2>\t\t\t\t<\/div>\n\t\t\t\t<\/div>\n\t\t\t\t<div class=\"elementor-element elementor-element-f478e36 elementor-widget elementor-widget-button\" data-id=\"f478e36\" data-element_type=\"widget\" data-e-type=\"widget\" data-widget_type=\"button.default\">\n\t\t\t\t<div class=\"elementor-widget-container\">\n\t\t\t\t\t\t\t\t\t<div class=\"elementor-button-wrapper\">\n\t\t\t\t\t<a class=\"elementor-button elementor-button-link elementor-size-sm\" href=\"http:\/\/www.strassen.gr.ch\/sites\/strassenzustand\/karte.html\" target=\"_blank\">\n\t\t\t\t\t\t<span class=\"elementor-button-content-wrapper\">\n\t\t\t\t\t\t<span class=\"elementor-button-icon\">\n\t\t\t\t<svg xmlns=\"http:\/\/www.w3.org\/2000\/svg\" viewBox=\"0 0 31 16\"><path d=\"M30.707 8.707a1 1 0 0 0 0-1.414L24.343.929a1 1 0 1 0-1.414 1.414L28.586 8l-5.657 5.657a1 1 0 0 0 1.414 1.414l6.364-6.364ZM0 9h30V7H0v2Z\"><\/path><\/svg>\t\t\t<\/span>\n\t\t\t\t\t\t\t\t\t<span class=\"elementor-button-text\">Strassenzustand Graub\u00fcnden<\/span>\n\t\t\t\t\t<\/span>\n\t\t\t\t\t<\/a>\n\t\t\t\t<\/div>\n\t\t\t\t\t\t\t\t<\/div>\n\t\t\t\t<\/div>\n\t\t\t\t<div class=\"elementor-element elementor-element-90f4d92 elementor-widget elementor-widget-heading\" data-id=\"90f4d92\" data-element_type=\"widget\" data-e-type=\"widget\" data-widget_type=\"heading.default\">\n\t\t\t\t<div class=\"elementor-widget-container\">\n\t\t\t\t\t<h4 class=\"elementor-heading-title elementor-size-default\">Von Z\u00fcrich \/ Chur<\/h4>\t\t\t\t<\/div>\n\t\t\t\t<\/div>\n\t\t\t\t<div class=\"elementor-element elementor-element-4a28520 elementor-widget elementor-widget-heading\" data-id=\"4a28520\" data-element_type=\"widget\" data-e-type=\"widget\" data-widget_type=\"heading.default\">\n\t\t\t\t<div class=\"elementor-widget-container\">\n\t\t\t\t\t<h6 class=\"elementor-heading-title elementor-size-default\">Variante 1\n<\/h6>\t\t\t\t<\/div>\n\t\t\t\t<\/div>\n\t\t\t\t<div class=\"elementor-element elementor-element-9f3902b elementor-icon-list--layout-traditional elementor-list-item-link-full_width elementor-widget elementor-widget-icon-list\" data-id=\"9f3902b\" data-element_type=\"widget\" data-e-type=\"widget\" data-widget_type=\"icon-list.default\">\n\t\t\t\t<div class=\"elementor-widget-container\">\n\t\t\t\t\t\t\t<ul class=\"elementor-icon-list-items\">\n\t\t\t\t\t\t\t<li class=\"elementor-icon-list-item\">\n\t\t\t\t\t\t\t\t\t\t\t<span class=\"elementor-icon-list-icon\">\n\t\t\t\t\t\t\t<i aria-hidden=\"true\" class=\"fas fa-dot-circle\"><\/i>\t\t\t\t\t\t<\/span>\n\t\t\t\t\t\t\t\t\t\t<span class=\"elementor-icon-list-text\">Autobahn N1\/N13 bis Thusis bis zur Ausfahrt St. Moritz\/Julierpass<\/span>\n\t\t\t\t\t\t\t\t\t<\/li>\n\t\t\t\t\t\t\t\t<li class=\"elementor-icon-list-item\">\n\t\t\t\t\t\t\t\t\t\t\t<span class=\"elementor-icon-list-icon\">\n\t\t\t\t\t\t\t<i aria-hidden=\"true\" class=\"fas fa-dot-circle\"><\/i>\t\t\t\t\t\t<\/span>\n\t\t\t\t\t\t\t\t\t\t<span class=\"elementor-icon-list-text\">\u00fcber Tiefencastel und Bivio zum Julierpass<\/span>\n\t\t\t\t\t\t\t\t\t<\/li>\n\t\t\t\t\t\t\t\t<li class=\"elementor-icon-list-item\">\n\t\t\t\t\t\t\t\t\t\t\t<span class=\"elementor-icon-list-icon\">\n\t\t\t\t\t\t\t<i aria-hidden=\"true\" class=\"fas fa-dot-circle\"><\/i>\t\t\t\t\t\t<\/span>\n\t\t\t\t\t\t\t\t\t\t<span class=\"elementor-icon-list-text\">Ausgang Julierpass in Silvaplana links abbiegen in Richtung St. Moritz<\/span>\n\t\t\t\t\t\t\t\t\t<\/li>\n\t\t\t\t\t\t\t\t<li class=\"elementor-icon-list-item\">\n\t\t\t\t\t\t\t\t\t\t\t<span class=\"elementor-icon-list-icon\">\n\t\t\t\t\t\t\t<i aria-hidden=\"true\" class=\"fas fa-dot-circle\"><\/i>\t\t\t\t\t\t<\/span>\n\t\t\t\t\t\t\t\t\t\t<span class=\"elementor-icon-list-text\">nach St. Moritz in Richtung Celerina und beim Kreisverkehr rechts nach Pontresina<\/span>\n\t\t\t\t\t\t\t\t\t<\/li>\n\t\t\t\t\t\t\t\t<li class=\"elementor-icon-list-item\">\n\t\t\t\t\t\t\t\t\t\t\t<span class=\"elementor-icon-list-icon\">\n\t\t\t\t\t\t\t<i aria-hidden=\"true\" class=\"fas fa-dot-circle\"><\/i>\t\t\t\t\t\t<\/span>\n\t\t\t\t\t\t\t\t\t\t<span class=\"elementor-icon-list-text\">nach St. Moritz in Richtung Celerina und beim Kreisverkehr rechts nach Pontresina<\/span>\n\t\t\t\t\t\t\t\t\t<\/li>\n\t\t\t\t\t\t\t\t<li class=\"elementor-icon-list-item\">\n\t\t\t\t\t\t\t\t\t\t\t<span class=\"elementor-icon-list-icon\">\n\t\t\t\t\t\t\t<i aria-hidden=\"true\" class=\"fas fa-flag-checkered\"><\/i>\t\t\t\t\t\t<\/span>\n\t\t\t\t\t\t\t\t\t\t<span class=\"elementor-icon-list-text\">auf der Berninastrasse an Pontresina vorbeifahren und nach f\u00fcnf Kilometern rechts Abfahrt Richtung Morteratsch<\/span>\n\t\t\t\t\t\t\t\t\t<\/li>\n\t\t\t\t\t\t<\/ul>\n\t\t\t\t\t\t<\/div>\n\t\t\t\t<\/div>\n\t\t\t\t<div class=\"elementor-element elementor-element-ffae2b6 elementor-widget elementor-widget-text-editor\" data-id=\"ffae2b6\" data-element_type=\"widget\" data-e-type=\"widget\" data-widget_type=\"text-editor.default\">\n\t\t\t\t<div class=\"elementor-widget-container\">\n\t\t\t\t\t\t\t\t\t<p>Fahrzeit: ca. drei Stunden<\/p>\t\t\t\t\t\t\t\t<\/div>\n\t\t\t\t<\/div>\n\t\t\t\t<div class=\"elementor-element elementor-element-7089f94 elementor-widget-divider--view-line elementor-widget elementor-widget-divider\" data-id=\"7089f94\" data-element_type=\"widget\" data-e-type=\"widget\" data-widget_type=\"divider.default\">\n\t\t\t\t<div class=\"elementor-widget-container\">\n\t\t\t\t\t\t\t<div class=\"elementor-divider\">\n\t\t\t<span class=\"elementor-divider-separator\">\n\t\t\t\t\t\t<\/span>\n\t\t<\/div>\n\t\t\t\t\t\t<\/div>\n\t\t\t\t<\/div>\n\t\t\t\t<div class=\"elementor-element elementor-element-78d5017 elementor-widget elementor-widget-heading\" data-id=\"78d5017\" data-element_type=\"widget\" data-e-type=\"widget\" data-widget_type=\"heading.default\">\n\t\t\t\t<div class=\"elementor-widget-container\">\n\t\t\t\t\t<h6 class=\"elementor-heading-title elementor-size-default\">Variante 2\n<\/h6>\t\t\t\t<\/div>\n\t\t\t\t<\/div>\n\t\t\t\t<div class=\"elementor-element elementor-element-1f07c4a elementor-widget elementor-widget-text-editor\" data-id=\"1f07c4a\" data-element_type=\"widget\" data-e-type=\"widget\" data-widget_type=\"text-editor.default\">\n\t\t\t\t<div class=\"elementor-widget-container\">\n\t\t\t\t\t\t\t\t\t<p>Im Winter empfiehlt sich der Vereina-Autoverlad: Verlassen Sie die Autobahn Z\u00fcrich-Chur bereits in Landquart in Richtung Klosters. Von Klosters-Selfranga fahren tags\u00fcber jede halbe Stunde Autoz\u00fcge in Richtung Zernez, die Sie ohne Reservation benutzen k\u00f6nnen. Sie bekommen in Sagliains an und fahren weiter Richtung St. Moritz, gem\u00e4ss Beschreibung \u201cvon Landeck\u201d.<\/p><p>Fahrzeit: ca. drei Stunden<\/p>\t\t\t\t\t\t\t\t<\/div>\n\t\t\t\t<\/div>\n\t\t\t\t<div class=\"elementor-element elementor-element-3dcfb83 elementor-widget elementor-widget-button\" data-id=\"3dcfb83\" data-element_type=\"widget\" data-e-type=\"widget\" data-widget_type=\"button.default\">\n\t\t\t\t<div class=\"elementor-widget-container\">\n\t\t\t\t\t\t\t\t\t<div class=\"elementor-button-wrapper\">\n\t\t\t\t\t<a class=\"elementor-button elementor-button-link elementor-size-sm\" href=\"https:\/\/www.rhb.ch\/de\/autoverlad-vereina#timetable\" target=\"_blank\">\n\t\t\t\t\t\t<span class=\"elementor-button-content-wrapper\">\n\t\t\t\t\t\t<span class=\"elementor-button-icon\">\n\t\t\t\t<svg xmlns=\"http:\/\/www.w3.org\/2000\/svg\" viewBox=\"0 0 31 16\"><path d=\"M30.707 8.707a1 1 0 0 0 0-1.414L24.343.929a1 1 0 1 0-1.414 1.414L28.586 8l-5.657 5.657a1 1 0 0 0 1.414 1.414l6.364-6.364ZM0 9h30V7H0v2Z\"><\/path><\/svg>\t\t\t<\/span>\n\t\t\t\t\t\t\t\t\t<span class=\"elementor-button-text\">Autoverlad Vereina<\/span>\n\t\t\t\t\t<\/span>\n\t\t\t\t\t<\/a>\n\t\t\t\t<\/div>\n\t\t\t\t\t\t\t\t<\/div>\n\t\t\t\t<\/div>\n\t\t\t\t<div class=\"elementor-element elementor-element-fb27fe8 elementor-widget-divider--view-line elementor-widget elementor-widget-divider\" data-id=\"fb27fe8\" data-element_type=\"widget\" data-e-type=\"widget\" data-widget_type=\"divider.default\">\n\t\t\t\t<div class=\"elementor-widget-container\">\n\t\t\t\t\t\t\t<div class=\"elementor-divider\">\n\t\t\t<span class=\"elementor-divider-separator\">\n\t\t\t\t\t\t<\/span>\n\t\t<\/div>\n\t\t\t\t\t\t<\/div>\n\t\t\t\t<\/div>\n\t\t\t\t<div class=\"elementor-element elementor-element-7c808e9 elementor-widget elementor-widget-heading\" data-id=\"7c808e9\" data-element_type=\"widget\" data-e-type=\"widget\" data-widget_type=\"heading.default\">\n\t\t\t\t<div class=\"elementor-widget-container\">\n\t\t\t\t\t<h4 class=\"elementor-heading-title elementor-size-default\">Von Landeck\n<\/h4>\t\t\t\t<\/div>\n\t\t\t\t<\/div>\n\t\t\t\t<div class=\"elementor-element elementor-element-ac459b1 elementor-icon-list--layout-traditional elementor-list-item-link-full_width elementor-widget elementor-widget-icon-list\" data-id=\"ac459b1\" data-element_type=\"widget\" data-e-type=\"widget\" data-widget_type=\"icon-list.default\">\n\t\t\t\t<div class=\"elementor-widget-container\">\n\t\t\t\t\t\t\t<ul class=\"elementor-icon-list-items\">\n\t\t\t\t\t\t\t<li class=\"elementor-icon-list-item\">\n\t\t\t\t\t\t\t\t\t\t\t<span class=\"elementor-icon-list-icon\">\n\t\t\t\t\t\t\t<i aria-hidden=\"true\" class=\"fas fa-dot-circle\"><\/i>\t\t\t\t\t\t<\/span>\n\t\t\t\t\t\t\t\t\t\t<span class=\"elementor-icon-list-text\">von Landeck zum Grenz\u00fcbergang \u00d6sterreich \u2013 Schweiz nach Martina<\/span>\n\t\t\t\t\t\t\t\t\t<\/li>\n\t\t\t\t\t\t\t\t<li class=\"elementor-icon-list-item\">\n\t\t\t\t\t\t\t\t\t\t\t<span class=\"elementor-icon-list-icon\">\n\t\t\t\t\t\t\t<i aria-hidden=\"true\" class=\"fas fa-dot-circle\"><\/i>\t\t\t\t\t\t<\/span>\n\t\t\t\t\t\t\t\t\t\t<span class=\"elementor-icon-list-text\">Weiterfahrt auf der Hauptstrasse 7 \u00fcber Scuol, Susch und Zernez ins Oberengadin<\/span>\n\t\t\t\t\t\t\t\t\t<\/li>\n\t\t\t\t\t\t\t\t<li class=\"elementor-icon-list-item\">\n\t\t\t\t\t\t\t\t\t\t\t<span class=\"elementor-icon-list-icon\">\n\t\t\t\t\t\t\t<i aria-hidden=\"true\" class=\"fas fa-dot-circle\"><\/i>\t\t\t\t\t\t<\/span>\n\t\t\t\t\t\t\t\t\t\t<span class=\"elementor-icon-list-text\">Hauptstrasse 27 \u00fcber Zuoz nach Samedan<\/span>\n\t\t\t\t\t\t\t\t\t<\/li>\n\t\t\t\t\t\t\t\t<li class=\"elementor-icon-list-item\">\n\t\t\t\t\t\t\t\t\t\t\t<span class=\"elementor-icon-list-icon\">\n\t\t\t\t\t\t\t<i aria-hidden=\"true\" class=\"fas fa-dot-circle\"><\/i>\t\t\t\t\t\t<\/span>\n\t\t\t\t\t\t\t\t\t\t<span class=\"elementor-icon-list-text\">beim Kreisverkehr in Samedan links nach Pontresina abbiegen<\/span>\n\t\t\t\t\t\t\t\t\t<\/li>\n\t\t\t\t\t\t\t\t<li class=\"elementor-icon-list-item\">\n\t\t\t\t\t\t\t\t\t\t\t<span class=\"elementor-icon-list-icon\">\n\t\t\t\t\t\t\t<i aria-hidden=\"true\" class=\"fas fa-flag-checkered\"><\/i>\t\t\t\t\t\t<\/span>\n\t\t\t\t\t\t\t\t\t\t<span class=\"elementor-icon-list-text\">auf der Berninastrasse an Pontresina vorbeifahren und nach f\u00fcnf Kilometern rechts Abfahrt Richtung Morteratsch<\/span>\n\t\t\t\t\t\t\t\t\t<\/li>\n\t\t\t\t\t\t<\/ul>\n\t\t\t\t\t\t<\/div>\n\t\t\t\t<\/div>\n\t\t\t\t<div class=\"elementor-element elementor-element-1e5cc17 elementor-widget elementor-widget-text-editor\" data-id=\"1e5cc17\" data-element_type=\"widget\" data-e-type=\"widget\" data-widget_type=\"text-editor.default\">\n\t\t\t\t<div class=\"elementor-widget-container\">\n\t\t\t\t\t\t\t\t\t<p>Fahrzeit: ca. zwei Stunden<\/p><p>\u00a0<\/p>\t\t\t\t\t\t\t\t<\/div>\n\t\t\t\t<\/div>\n\t\t\t\t<div class=\"elementor-element elementor-element-9935724 elementor-widget-divider--view-line elementor-widget elementor-widget-divider\" data-id=\"9935724\" data-element_type=\"widget\" data-e-type=\"widget\" data-widget_type=\"divider.default\">\n\t\t\t\t<div class=\"elementor-widget-container\">\n\t\t\t\t\t\t\t<div class=\"elementor-divider\">\n\t\t\t<span class=\"elementor-divider-separator\">\n\t\t\t\t\t\t<\/span>\n\t\t<\/div>\n\t\t\t\t\t\t<\/div>\n\t\t\t\t<\/div>\n\t\t\t\t<div class=\"elementor-element elementor-element-ebe68ca elementor-widget elementor-widget-heading\" data-id=\"ebe68ca\" data-element_type=\"widget\" data-e-type=\"widget\" data-widget_type=\"heading.default\">\n\t\t\t\t<div class=\"elementor-widget-container\">\n\t\t\t\t\t<h4 class=\"elementor-heading-title elementor-size-default\">Von Tirano\n<\/h4>\t\t\t\t<\/div>\n\t\t\t\t<\/div>\n\t\t\t\t<div class=\"elementor-element elementor-element-894c999 elementor-icon-list--layout-traditional elementor-list-item-link-full_width elementor-widget elementor-widget-icon-list\" data-id=\"894c999\" data-element_type=\"widget\" data-e-type=\"widget\" data-widget_type=\"icon-list.default\">\n\t\t\t\t<div class=\"elementor-widget-container\">\n\t\t\t\t\t\t\t<ul class=\"elementor-icon-list-items\">\n\t\t\t\t\t\t\t<li class=\"elementor-icon-list-item\">\n\t\t\t\t\t\t\t\t\t\t\t<span class=\"elementor-icon-list-icon\">\n\t\t\t\t\t\t\t<i aria-hidden=\"true\" class=\"fas fa-dot-circle\"><\/i>\t\t\t\t\t\t<\/span>\n\t\t\t\t\t\t\t\t\t\t<span class=\"elementor-icon-list-text\">ab Tirano \u00fcber die Grenze Italien \u2013 Schweiz nach Poschiavo<\/span>\n\t\t\t\t\t\t\t\t\t<\/li>\n\t\t\t\t\t\t\t\t<li class=\"elementor-icon-list-item\">\n\t\t\t\t\t\t\t\t\t\t\t<span class=\"elementor-icon-list-icon\">\n\t\t\t\t\t\t\t<i aria-hidden=\"true\" class=\"fas fa-dot-circle\"><\/i>\t\t\t\t\t\t<\/span>\n\t\t\t\t\t\t\t\t\t\t<span class=\"elementor-icon-list-text\">Weiterfahrt auf der Hauptstrasse 29 zum Berninapass<\/span>\n\t\t\t\t\t\t\t\t\t<\/li>\n\t\t\t\t\t\t\t\t<li class=\"elementor-icon-list-item\">\n\t\t\t\t\t\t\t\t\t\t\t<span class=\"elementor-icon-list-icon\">\n\t\t\t\t\t\t\t<i aria-hidden=\"true\" class=\"fas fa-flag-checkered\"><\/i>\t\t\t\t\t\t<\/span>\n\t\t\t\t\t\t\t\t\t\t<span class=\"elementor-icon-list-text\">auf der Berninastrasse f\u00fcnf Kilometer vor Pontresina links Abfahrt Richtung Morteratsch<\/span>\n\t\t\t\t\t\t\t\t\t<\/li>\n\t\t\t\t\t\t<\/ul>\n\t\t\t\t\t\t<\/div>\n\t\t\t\t<\/div>\n\t\t\t\t<div class=\"elementor-element elementor-element-c72a84d elementor-widget elementor-widget-text-editor\" data-id=\"c72a84d\" data-element_type=\"widget\" data-e-type=\"widget\" data-widget_type=\"text-editor.default\">\n\t\t\t\t<div class=\"elementor-widget-container\">\n\t\t\t\t\t\t\t\t\t<p>Fahrzeit: ca. eine Stunde<\/p><p>\u00a0<\/p>\t\t\t\t\t\t\t\t<\/div>\n\t\t\t\t<\/div>\n\t\t\t\t<div class=\"elementor-element elementor-element-dd282b8 elementor-widget-divider--view-line elementor-widget elementor-widget-divider\" data-id=\"dd282b8\" data-element_type=\"widget\" data-e-type=\"widget\" data-widget_type=\"divider.default\">\n\t\t\t\t<div class=\"elementor-widget-container\">\n\t\t\t\t\t\t\t<div class=\"elementor-divider\">\n\t\t\t<span class=\"elementor-divider-separator\">\n\t\t\t\t\t\t<\/span>\n\t\t<\/div>\n\t\t\t\t\t\t<\/div>\n\t\t\t\t<\/div>\n\t\t\t\t<div class=\"elementor-element elementor-element-b43a7d9 elementor-widget elementor-widget-heading\" data-id=\"b43a7d9\" data-element_type=\"widget\" data-e-type=\"widget\" data-widget_type=\"heading.default\">\n\t\t\t\t<div class=\"elementor-widget-container\">\n\t\t\t\t\t<h4 class=\"elementor-heading-title elementor-size-default\">Von Chiavenna\n<\/h4>\t\t\t\t<\/div>\n\t\t\t\t<\/div>\n\t\t\t\t<div class=\"elementor-element elementor-element-534fa70 elementor-icon-list--layout-traditional elementor-list-item-link-full_width elementor-widget elementor-widget-icon-list\" data-id=\"534fa70\" data-element_type=\"widget\" data-e-type=\"widget\" data-widget_type=\"icon-list.default\">\n\t\t\t\t<div class=\"elementor-widget-container\">\n\t\t\t\t\t\t\t<ul class=\"elementor-icon-list-items\">\n\t\t\t\t\t\t\t<li class=\"elementor-icon-list-item\">\n\t\t\t\t\t\t\t\t\t\t\t<span class=\"elementor-icon-list-icon\">\n\t\t\t\t\t\t\t<i aria-hidden=\"true\" class=\"fas fa-dot-circle\"><\/i>\t\t\t\t\t\t<\/span>\n\t\t\t\t\t\t\t\t\t\t<span class=\"elementor-icon-list-text\">ab Chiavenna \u00fcber die Grenze Italien \u2013 Schweiz nach Castasegna<\/span>\n\t\t\t\t\t\t\t\t\t<\/li>\n\t\t\t\t\t\t\t\t<li class=\"elementor-icon-list-item\">\n\t\t\t\t\t\t\t\t\t\t\t<span class=\"elementor-icon-list-icon\">\n\t\t\t\t\t\t\t<i aria-hidden=\"true\" class=\"fas fa-dot-circle\"><\/i>\t\t\t\t\t\t<\/span>\n\t\t\t\t\t\t\t\t\t\t<span class=\"elementor-icon-list-text\">Weiterfahrt auf der Hauptstrasse 3 \u00fcber Stampa zum Maloja-Pass<\/span>\n\t\t\t\t\t\t\t\t\t<\/li>\n\t\t\t\t\t\t\t\t<li class=\"elementor-icon-list-item\">\n\t\t\t\t\t\t\t\t\t\t\t<span class=\"elementor-icon-list-icon\">\n\t\t\t\t\t\t\t<i aria-hidden=\"true\" class=\"fas fa-dot-circle\"><\/i>\t\t\t\t\t\t<\/span>\n\t\t\t\t\t\t\t\t\t\t<span class=\"elementor-icon-list-text\">von Maloja nach Silvaplana und \u00fcber St. Moritz, Celerina<\/span>\n\t\t\t\t\t\t\t\t\t<\/li>\n\t\t\t\t\t\t\t\t<li class=\"elementor-icon-list-item\">\n\t\t\t\t\t\t\t\t\t\t\t<span class=\"elementor-icon-list-icon\">\n\t\t\t\t\t\t\t<i aria-hidden=\"true\" class=\"fas fa-dot-circle\"><\/i>\t\t\t\t\t\t<\/span>\n\t\t\t\t\t\t\t\t\t\t<span class=\"elementor-icon-list-text\">beim Kreisverkehr rechts nach Pontresina abbiegen<\/span>\n\t\t\t\t\t\t\t\t\t<\/li>\n\t\t\t\t\t\t\t\t<li class=\"elementor-icon-list-item\">\n\t\t\t\t\t\t\t\t\t\t\t<span class=\"elementor-icon-list-icon\">\n\t\t\t\t\t\t\t<i aria-hidden=\"true\" class=\"fas fa-flag-checkered\"><\/i>\t\t\t\t\t\t<\/span>\n\t\t\t\t\t\t\t\t\t\t<span class=\"elementor-icon-list-text\">auf der Berninastrasse an Pontresina vorbeifahren und nach f\u00fcnf Kilometern rechts Abfahrt Richtung Morteratsch<\/span>\n\t\t\t\t\t\t\t\t\t<\/li>\n\t\t\t\t\t\t<\/ul>\n\t\t\t\t\t\t<\/div>\n\t\t\t\t<\/div>\n\t\t\t\t<div class=\"elementor-element elementor-element-2dd4350 elementor-widget elementor-widget-text-editor\" data-id=\"2dd4350\" data-element_type=\"widget\" data-e-type=\"widget\" data-widget_type=\"text-editor.default\">\n\t\t\t\t<div class=\"elementor-widget-container\">\n\t\t\t\t\t\t\t\t\t<p>Fahrzeit: ca. eineinhalb Stunden<\/p><p>\u00a0<\/p>\t\t\t\t\t\t\t\t<\/div>\n\t\t\t\t<\/div>\n\t\t\t\t\t<\/div>\n\t\t\t\t<\/div>\n\t\t\t\t<\/div>\n\t\t","protected":false},"excerpt":{"rendered":"<p>Anreise mit der Bahn Mit der Bahn erreichen Sie uns sehr bequem, denn wir verf\u00fcgen \u00fcber einen eigenen Bahnhof. Die Bahnstation heisst Morteratsch, wie unser Hotel, und befindet sich zwei Stationen nach Pontresina. Schauen Sie doch nach einer g\u00fcnstigen Verbindung und lassen sie Ihr Auto einfach daheim. SBB Online Portal Glacier Express Anreise mit dem [&hellip;]<\/p>\n","protected":false},"author":4,"featured_media":0,"parent":0,"menu_order":0,"comment_status":"closed","ping_status":"closed","template":"","meta":{"footnotes":""},"class_list":["post-75","page","type-page","status-publish","hentry"],"yoast_head":"<!-- This site is optimized with the Yoast SEO plugin v27.4 - https:\/\/yoast.com\/product\/yoast-seo-wordpress\/ -->\n<title>Anreise - Hotel Morteratsch | Pontresina<\/title>\n<meta name=\"robots\" content=\"index, follow, max-snippet:-1, max-image-preview:large, max-video-preview:-1\" \/>\n<link rel=\"canonical\" href=\"https:\/\/www.morteratsch.ch\/en\/getting-there\/\" \/>\n<meta property=\"og:locale\" content=\"en_GB\" \/>\n<meta property=\"og:type\" content=\"article\" \/>\n<meta property=\"og:title\" content=\"Anreise - Hotel Morteratsch | Pontresina\" \/>\n<meta property=\"og:description\" content=\"Anreise mit der Bahn Mit der Bahn erreichen Sie uns sehr bequem, denn wir verf\u00fcgen \u00fcber einen eigenen Bahnhof. Die Bahnstation heisst Morteratsch, wie unser Hotel, und befindet sich zwei Stationen nach Pontresina. Schauen Sie doch nach einer g\u00fcnstigen Verbindung und lassen sie Ihr Auto einfach daheim. SBB Online Portal Glacier Express Anreise mit dem [&hellip;]\" \/>\n<meta property=\"og:url\" content=\"https:\/\/www.morteratsch.ch\/en\/getting-there\/\" \/>\n<meta property=\"og:site_name\" content=\"Hotel Morteratsch | Pontresina\" \/>\n<meta property=\"article:modified_time\" content=\"2024-07-18T08:21:42+00:00\" \/>\n<meta name=\"twitter:card\" content=\"summary_large_image\" \/>\n<meta name=\"twitter:label1\" content=\"Estimated reading time\" \/>\n\t<meta name=\"twitter:data1\" content=\"15 minutes\" \/>\n<script type=\"application\/ld+json\" class=\"yoast-schema-graph\">{\"@context\":\"https:\\\/\\\/schema.org\",\"@graph\":[{\"@type\":\"WebPage\",\"@id\":\"https:\\\/\\\/www.morteratsch.ch\\\/anreise\\\/\",\"url\":\"https:\\\/\\\/www.morteratsch.ch\\\/anreise\\\/\",\"name\":\"Anreise - Hotel Morteratsch | Pontresina\",\"isPartOf\":{\"@id\":\"https:\\\/\\\/www.morteratsch.ch\\\/#website\"},\"datePublished\":\"2024-07-09T15:21:06+00:00\",\"dateModified\":\"2024-07-18T08:21:42+00:00\",\"breadcrumb\":{\"@id\":\"https:\\\/\\\/www.morteratsch.ch\\\/anreise\\\/#breadcrumb\"},\"inLanguage\":\"en-GB\",\"potentialAction\":[{\"@type\":\"ReadAction\",\"target\":[\"https:\\\/\\\/www.morteratsch.ch\\\/anreise\\\/\"]}]},{\"@type\":\"BreadcrumbList\",\"@id\":\"https:\\\/\\\/www.morteratsch.ch\\\/anreise\\\/#breadcrumb\",\"itemListElement\":[{\"@type\":\"ListItem\",\"position\":1,\"name\":\"Startseite\",\"item\":\"https:\\\/\\\/www.morteratsch.ch\\\/\"},{\"@type\":\"ListItem\",\"position\":2,\"name\":\"Anreise\"}]},{\"@type\":\"WebSite\",\"@id\":\"https:\\\/\\\/www.morteratsch.ch\\\/#website\",\"url\":\"https:\\\/\\\/www.morteratsch.ch\\\/\",\"name\":\"Hotel Morteratsch | Pontresina\",\"description\":\"Hotel - Restaurant - Pontresina\",\"publisher\":{\"@id\":\"https:\\\/\\\/www.morteratsch.ch\\\/#organization\"},\"potentialAction\":[{\"@type\":\"SearchAction\",\"target\":{\"@type\":\"EntryPoint\",\"urlTemplate\":\"https:\\\/\\\/www.morteratsch.ch\\\/?s={search_term_string}\"},\"query-input\":{\"@type\":\"PropertyValueSpecification\",\"valueRequired\":true,\"valueName\":\"search_term_string\"}}],\"inLanguage\":\"en-GB\"},{\"@type\":\"Organization\",\"@id\":\"https:\\\/\\\/www.morteratsch.ch\\\/#organization\",\"name\":\"Hotel Morteratsch | Pontresina\",\"url\":\"https:\\\/\\\/www.morteratsch.ch\\\/\",\"logo\":{\"@type\":\"ImageObject\",\"inLanguage\":\"en-GB\",\"@id\":\"https:\\\/\\\/www.morteratsch.ch\\\/#\\\/schema\\\/logo\\\/image\\\/\",\"url\":\"https:\\\/\\\/www.morteratsch.ch\\\/wp-content\\\/uploads\\\/2024\\\/07\\\/morteratsch-logo.png\",\"contentUrl\":\"https:\\\/\\\/www.morteratsch.ch\\\/wp-content\\\/uploads\\\/2024\\\/07\\\/morteratsch-logo.png\",\"width\":400,\"height\":104,\"caption\":\"Hotel Morteratsch | Pontresina\"},\"image\":{\"@id\":\"https:\\\/\\\/www.morteratsch.ch\\\/#\\\/schema\\\/logo\\\/image\\\/\"}}]}<\/script>\n<!-- \/ Yoast SEO plugin. -->","yoast_head_json":{"title":"Arrival - Hotel Morteratsch | Pontresina","robots":{"index":"index","follow":"follow","max-snippet":"max-snippet:-1","max-image-preview":"max-image-preview:large","max-video-preview":"max-video-preview:-1"},"canonical":"https:\/\/www.morteratsch.ch\/en\/getting-there\/","og_locale":"en_GB","og_type":"article","og_title":"Anreise - Hotel Morteratsch | Pontresina","og_description":"Anreise mit der Bahn Mit der Bahn erreichen Sie uns sehr bequem, denn wir verf\u00fcgen \u00fcber einen eigenen Bahnhof. Die Bahnstation heisst Morteratsch, wie unser Hotel, und befindet sich zwei Stationen nach Pontresina. Schauen Sie doch nach einer g\u00fcnstigen Verbindung und lassen sie Ihr Auto einfach daheim. SBB Online Portal Glacier Express Anreise mit dem [&hellip;]","og_url":"https:\/\/www.morteratsch.ch\/en\/getting-there\/","og_site_name":"Hotel Morteratsch | Pontresina","article_modified_time":"2024-07-18T08:21:42+00:00","twitter_card":"summary_large_image","twitter_misc":{"Estimated reading time":"15 minutes"},"schema":{"@context":"https:\/\/schema.org","@graph":[{"@type":"WebPage","@id":"https:\/\/www.morteratsch.ch\/anreise\/","url":"https:\/\/www.morteratsch.ch\/anreise\/","name":"Arrival - Hotel Morteratsch | Pontresina","isPartOf":{"@id":"https:\/\/www.morteratsch.ch\/#website"},"datePublished":"2024-07-09T15:21:06+00:00","dateModified":"2024-07-18T08:21:42+00:00","breadcrumb":{"@id":"https:\/\/www.morteratsch.ch\/anreise\/#breadcrumb"},"inLanguage":"en-GB","potentialAction":[{"@type":"ReadAction","target":["https:\/\/www.morteratsch.ch\/anreise\/"]}]},{"@type":"BreadcrumbList","@id":"https:\/\/www.morteratsch.ch\/anreise\/#breadcrumb","itemListElement":[{"@type":"ListItem","position":1,"name":"Startseite","item":"https:\/\/www.morteratsch.ch\/"},{"@type":"ListItem","position":2,"name":"Anreise"}]},{"@type":"WebSite","@id":"https:\/\/www.morteratsch.ch\/#website","url":"https:\/\/www.morteratsch.ch\/","name":"Hotel Morteratsch | Pontresina","description":"Hotel - Restaurant - Pontresina","publisher":{"@id":"https:\/\/www.morteratsch.ch\/#organization"},"potentialAction":[{"@type":"SearchAction","target":{"@type":"EntryPoint","urlTemplate":"https:\/\/www.morteratsch.ch\/?s={search_term_string}"},"query-input":{"@type":"PropertyValueSpecification","valueRequired":true,"valueName":"search_term_string"}}],"inLanguage":"en-GB"},{"@type":"Organization","@id":"https:\/\/www.morteratsch.ch\/#organization","name":"Hotel Morteratsch | Pontresina","url":"https:\/\/www.morteratsch.ch\/","logo":{"@type":"ImageObject","inLanguage":"en-GB","@id":"https:\/\/www.morteratsch.ch\/#\/schema\/logo\/image\/","url":"https:\/\/www.morteratsch.ch\/wp-content\/uploads\/2024\/07\/morteratsch-logo.png","contentUrl":"https:\/\/www.morteratsch.ch\/wp-content\/uploads\/2024\/07\/morteratsch-logo.png","width":400,"height":104,"caption":"Hotel Morteratsch | Pontresina"},"image":{"@id":"https:\/\/www.morteratsch.ch\/#\/schema\/logo\/image\/"}}]}},"_links":{"self":[{"href":"https:\/\/www.morteratsch.ch\/en\/wp-json\/wp\/v2\/pages\/75","targetHints":{"allow":["GET"]}}],"collection":[{"href":"https:\/\/www.morteratsch.ch\/en\/wp-json\/wp\/v2\/pages"}],"about":[{"href":"https:\/\/www.morteratsch.ch\/en\/wp-json\/wp\/v2\/types\/page"}],"author":[{"embeddable":true,"href":"https:\/\/www.morteratsch.ch\/en\/wp-json\/wp\/v2\/users\/4"}],"replies":[{"embeddable":true,"href":"https:\/\/www.morteratsch.ch\/en\/wp-json\/wp\/v2\/comments?post=75"}],"version-history":[{"count":28,"href":"https:\/\/www.morteratsch.ch\/en\/wp-json\/wp\/v2\/pages\/75\/revisions"}],"predecessor-version":[{"id":1399,"href":"https:\/\/www.morteratsch.ch\/en\/wp-json\/wp\/v2\/pages\/75\/revisions\/1399"}],"wp:attachment":[{"href":"https:\/\/www.morteratsch.ch\/en\/wp-json\/wp\/v2\/media?parent=75"}],"curies":[{"name":"wp","href":"https:\/\/api.w.org\/{rel}","templated":true}]}}